{"id":61,"date":"2013-12-31T22:00:00","date_gmt":"2013-12-31T21:00:00","guid":{"rendered":"http:\/\/os-tinje.splet.arnes.si\/2013\/12\/31\/svet-starev\/"},"modified":"2024-09-29T23:23:00","modified_gmt":"2024-09-29T21:23:00","slug":"svet-starev","status":"publish","type":"page","link":"https:\/\/os-tinjenova.splet.arnes.si\/?page_id=61","title":{"rendered":"SVET STAR\u0160EV"},"content":{"rendered":"<p><img loading=\"lazy\" decoding=\"async\" class=\" alignleft wp-image-59\" style=\"float: left\" src=\"http:\/\/os-tinjenova.splet.arnes.si\/files\/2013\/12\/stari.jpg\" alt=\"stari\" width=\"143\" height=\"168\" srcset=\"https:\/\/os-tinjenova.splet.arnes.si\/files\/2013\/12\/stari.jpg 298w, https:\/\/os-tinjenova.splet.arnes.si\/files\/2013\/12\/stari-255x300.jpg 255w\" sizes=\"(max-width: 143px) 100vw, 143px\" \/><\/p>\n<p style=\"text-align: left\"><span style=\"font-size: 12pt\"><span style=\"color: #000000\">Za organizirano uresni\u010devanje interesa star\u0161ev se v \u0161oli oblikuje Svet star\u0161ev. Sestavljen je tako, da ima v njem vsak oddelek po enega predstavnika, ki ga izvolijo star\u0161i. Prvi sklic opravi ravnatelj.<\/span><\/span><\/p>\n<div style=\"text-align: left\">\n<p>&nbsp;<\/p>\n<\/div>\n<p style=\"text-align: left\">&nbsp;<\/p>\n<p style=\"text-align: left\"><span style=\"font-size: 12pt\"><span style=\"color: #000000\"><strong>Pristojnosti sveta star\u0161ev:<\/strong><\/span><\/span><\/p>\n<div style=\"text-align: left\">\n<ul>\n<li><span style=\"font-size: 12pt\"><span style=\"color: #000000\">predlaga nadstandardne programe;<\/span><\/span><\/li>\n<\/ul>\n<p><span style=\"font-size: 12pt\"><span style=\"color: #000000\">daje soglasje k predlogu ravnatelja o nadstandardnih storitvah;<\/span><\/span><\/p>\n<ul>\n<li><span style=\"font-size: 12pt\"><span style=\"color: #000000\">daje mnenje o predlogu letnega delovnega na\u010drta;<\/span><\/span><\/li>\n<li><span style=\"font-size: 12pt\"><span style=\"color: #000000\">razpravlja o poro\u010dilih ravnatelja o vzgojno-izobra\u017eevalni problematiki;<\/span><\/span><\/li>\n<li><span style=\"font-size: 12pt\"><span style=\"color: #000000\">obravnava prito\u017ebe v zvezi z vzgojno-izobra\u017eevalnim delom; <\/span><\/span><\/li>\n<li><span style=\"font-size: 12pt\"><span style=\"color: #000000\">voli predstavnike v Svet \u0161ole.<br \/>\n<\/span><\/span><\/li>\n<\/ul>\n<p><span style=\"color: #000000\"><strong>\u010clani Sveta star\u0161ev so:<\/strong><\/span><\/p>\n<ul>\n<li><span style=\"color: #000000\"><strong>Aleksandra Leskovar (1. razred)<img loading=\"lazy\" decoding=\"async\" class=\"alignright\" src=\"https:\/\/os-brinje-grosuplje.splet.arnes.si\/files\/2017\/02\/Sodelovanje.jpg\" alt=\"Sodelovanje s star\u0161i \u2013 O\u0160 Brinje Grosuplje\" width=\"521\" height=\"428\"><\/strong><\/span><\/li>\n<li><span style=\"color: #000000\"><strong>Janja Kos (2. razred), <\/strong><\/span><\/li>\n<li><span style=\"color: #000000\"><strong>Tadeja Urlep (3. razred)&nbsp;<\/strong><\/span><\/li>\n<li><span style=\"color: #000000\"><strong>Jasna A\u010dko (4. razred),<\/strong><\/span><\/li>\n<li><span style=\"color: #000000\"><strong>Metka Gracej (5. razred),<\/strong><\/span><\/li>\n<li><span style=\"color: #000000\"><strong>Tadeja Brdnik (6. razred), <\/strong><\/span><\/li>\n<li><span style=\"color: #000000\"><strong>Polona \u0160kerget (7. razred), <\/strong><\/span><\/li>\n<li><span style=\"color: #000000\"><strong>Leopold Smogavec (8. razred), <\/strong><\/span><\/li>\n<li><strong><span style=\"color: #008000\"><span style=\"color: #000000\">Simon Deti\u010dek (9. razred).<\/span><br \/>\n<\/span><\/strong><\/li>\n<\/ul>\n<\/div>\n<h4 style=\"text-align: left\"><strong><span style=\"font-size: 12pt\"><span style=\"color: #000000\">&nbsp;<\/span><\/span><\/strong><\/h4>\n<div style=\"text-align: left\"><span style=\"font-size: 12pt\"><span style=\"color: #000000\"><a href=\"http:\/\/os-tinjenova.splet.arnes.si\/files\/2013\/12\/POSLOVNIK-O-DELU-SVETA-STAR\u0160EV.docx\">POSLOVNIK O DELU SVETA STAR\u0160EV<\/a><br \/>\n<\/span><\/span><\/div>\n","protected":false},"excerpt":{"rendered":"<p>Za organizirano uresni\u010devanje interesa star\u0161ev se v \u0161oli oblikuje Svet star\u0161ev. Sestavljen je tako, da ima v njem vsak oddelek po enega predstavnika, ki ga izvolijo star\u0161i. Prvi sklic opravi ravnatelj. &nbsp; &nbsp; Pristojnosti sveta star\u0161ev: predlaga nadstandardne programe; daje soglasje k predlogu ravnatelja o nadstandardnih storitvah; daje mnenje o predlogu letnega delovnega na\u010drta; razpravlja [&hellip;]<\/p>\n","protected":false},"author":2887,"featured_media":59,"parent":0,"menu_order":3,"comment_status":"closed","ping_status":"open","template":"","meta":{"_et_pb_use_builder":"","_et_pb_old_content":"","_et_gb_content_width":"","ngg_post_thumbnail":0,"footnotes":""},"class_list":["post-61","page","type-page","status-publish","has-post-thumbnail","hentry"],"_links":{"self":[{"href":"https:\/\/os-tinjenova.splet.arnes.si\/index.php?rest_route=\/wp\/v2\/pages\/61","targetHints":{"allow":["GET"]}}],"collection":[{"href":"https:\/\/os-tinjenova.splet.arnes.si\/index.php?rest_route=\/wp\/v2\/pages"}],"about":[{"href":"https:\/\/os-tinjenova.splet.arnes.si\/index.php?rest_route=\/wp\/v2\/types\/page"}],"author":[{"embeddable":true,"href":"https:\/\/os-tinjenova.splet.arnes.si\/index.php?rest_route=\/wp\/v2\/users\/2887"}],"replies":[{"embeddable":true,"href":"https:\/\/os-tinjenova.splet.arnes.si\/index.php?rest_route=%2Fwp%2Fv2%2Fcomments&post=61"}],"version-history":[{"count":15,"href":"https:\/\/os-tinjenova.splet.arnes.si\/index.php?rest_route=\/wp\/v2\/pages\/61\/revisions"}],"predecessor-version":[{"id":8297,"href":"https:\/\/os-tinjenova.splet.arnes.si\/index.php?rest_route=\/wp\/v2\/pages\/61\/revisions\/8297"}],"wp:featuredmedia":[{"embeddable":true,"href":"https:\/\/os-tinjenova.splet.arnes.si\/index.php?rest_route=\/wp\/v2\/media\/59"}],"wp:attachment":[{"href":"https:\/\/os-tinjenova.splet.arnes.si\/index.php?rest_route=%2Fwp%2Fv2%2Fmedia&parent=61"}],"curies":[{"name":"wp","href":"https:\/\/api.w.org\/{rel}","templated":true}]}}